{"id":12,"date":"2024-11-01T12:18:09","date_gmt":"2024-11-01T11:18:09","guid":{"rendered":"https:\/\/emiro.agesci.it\/nautici\/?page_id=12"},"modified":"2025-12-02T11:45:16","modified_gmt":"2025-12-02T10:45:16","slug":"home","status":"publish","type":"page","link":"https:\/\/emiro.agesci.it\/nautici\/","title":{"rendered":"Home"},"content":{"rendered":"\n<h1 class=\"wp-block-heading has-text-align-center has-x-large-font-size\">Settore Nautico<\/h1>\n\n\n\n<p class=\"has-medium-font-size\">Il settore nautico in Regione \u00e8 composto da:<\/p>\n\n\n\n<ul class=\"wp-block-list\">\n<li class=\"has-medium-font-size\"><strong>Incaricato Regionale Nautico<\/strong> (attualmente <em>Maurizio Bettettini<\/em>, da Albinea 1)<\/li>\n\n\n\n<li class=\"has-medium-font-size\"><strong>Centro Nautico<\/strong><\/li>\n\n\n\n<li class=\"has-medium-font-size\"><strong>Asilo dei Capitani<\/strong><\/li>\n\n\n\n<li><\/li>\n<\/ul>\n\n\n\n<h2 class=\"wp-block-heading has-text-align-center has-medium-font-size\">Scoprici sui social<\/h2>\n\n\n\n<ul class=\"wp-block-social-links has-normal-icon-size has-visible-labels is-horizontal is-content-justification-center is-layout-flex wp-container-core-social-links-is-layout-2f0dc101 wp-block-social-links-is-layout-flex\"><li class=\"wp-social-link wp-social-link-instagram  wp-block-social-link\"><a rel=\"noopener nofollow\" target=\"_blank\" href=\"https:\/\/www.instagram.com\/nautici_agesci_emiliaromagna\/\" class=\"wp-block-social-link-anchor\"><svg width=\"24\" height=\"24\" viewBox=\"0 0 24 24\" version=\"1.1\" xmlns=\"http:\/\/www.w3.org\/2000\/svg\" aria-hidden=\"true\" focusable=\"false\"><path d=\"M12,4.622c2.403,0,2.688,0.009,3.637,0.052c0.877,0.04,1.354,0.187,1.671,0.31c0.42,0.163,0.72,0.358,1.035,0.673 c0.315,0.315,0.51,0.615,0.673,1.035c0.123,0.317,0.27,0.794,0.31,1.671c0.043,0.949,0.052,1.234,0.052,3.637 s-0.009,2.688-0.052,3.637c-0.04,0.877-0.187,1.354-0.31,1.671c-0.163,0.42-0.358,0.72-0.673,1.035 c-0.315,0.315-0.615,0.51-1.035,0.673c-0.317,0.123-0.794,0.27-1.671,0.31c-0.949,0.043-1.233,0.052-3.637,0.052 s-2.688-0.009-3.637-0.052c-0.877-0.04-1.354-0.187-1.671-0.31c-0.42-0.163-0.72-0.358-1.035-0.673 c-0.315-0.315-0.51-0.615-0.673-1.035c-0.123-0.317-0.27-0.794-0.31-1.671C4.631,14.688,4.622,14.403,4.622,12 s0.009-2.688,0.052-3.637c0.04-0.877,0.187-1.354,0.31-1.671c0.163-0.42,0.358-0.72,0.673-1.035 c0.315-0.315,0.615-0.51,1.035-0.673c0.317-0.123,0.794-0.27,1.671-0.31C9.312,4.631,9.597,4.622,12,4.622 M12,3 C9.556,3,9.249,3.01,8.289,3.054C7.331,3.098,6.677,3.25,6.105,3.472C5.513,3.702,5.011,4.01,4.511,4.511 c-0.5,0.5-0.808,1.002-1.038,1.594C3.25,6.677,3.098,7.331,3.054,8.289C3.01,9.249,3,9.556,3,12c0,2.444,0.01,2.751,0.054,3.711 c0.044,0.958,0.196,1.612,0.418,2.185c0.23,0.592,0.538,1.094,1.038,1.594c0.5,0.5,1.002,0.808,1.594,1.038 c0.572,0.222,1.227,0.375,2.185,0.418C9.249,20.99,9.556,21,12,21s2.751-0.01,3.711-0.054c0.958-0.044,1.612-0.196,2.185-0.418 c0.592-0.23,1.094-0.538,1.594-1.038c0.5-0.5,0.808-1.002,1.038-1.594c0.222-0.572,0.375-1.227,0.418-2.185 C20.99,14.751,21,14.444,21,12s-0.01-2.751-0.054-3.711c-0.044-0.958-0.196-1.612-0.418-2.185c-0.23-0.592-0.538-1.094-1.038-1.594 c-0.5-0.5-1.002-0.808-1.594-1.038c-0.572-0.222-1.227-0.375-2.185-0.418C14.751,3.01,14.444,3,12,3L12,3z M12,7.378 c-2.552,0-4.622,2.069-4.622,4.622S9.448,16.622,12,16.622s4.622-2.069,4.622-4.622S14.552,7.378,12,7.378z M12,15 c-1.657,0-3-1.343-3-3s1.343-3,3-3s3,1.343,3,3S13.657,15,12,15z M16.804,6.116c-0.596,0-1.08,0.484-1.08,1.08 s0.484,1.08,1.08,1.08c0.596,0,1.08-0.484,1.08-1.08S17.401,6.116,16.804,6.116z\"><\/path><\/svg><span class=\"wp-block-social-link-label\">Instagram<\/span><\/a><\/li>\n\n<li class=\"wp-social-link wp-social-link-facebook  wp-block-social-link\"><a rel=\"noopener nofollow\" target=\"_blank\" href=\"https:\/\/www.facebook.com\/nauticiemiro\/\" class=\"wp-block-social-link-anchor\"><svg width=\"24\" height=\"24\" viewBox=\"0 0 24 24\" version=\"1.1\" xmlns=\"http:\/\/www.w3.org\/2000\/svg\" aria-hidden=\"true\" focusable=\"false\"><path d=\"M12 2C6.5 2 2 6.5 2 12c0 5 3.7 9.1 8.4 9.9v-7H7.9V12h2.5V9.8c0-2.5 1.5-3.9 3.8-3.9 1.1 0 2.2.2 2.2.2v2.5h-1.3c-1.2 0-1.6.8-1.6 1.6V12h2.8l-.4 2.9h-2.3v7C18.3 21.1 22 17 22 12c0-5.5-4.5-10-10-10z\"><\/path><\/svg><span class=\"wp-block-social-link-label\">Facebook<\/span><\/a><\/li><\/ul>\n\n\n\n<h2 class=\"wp-block-heading has-text-align-center has-medium-font-size\">Rimani aggiornato con i nostri Canali<\/h2>\n\n\n\n<div class=\"wp-block-columns has-background is-layout-flex wp-container-core-columns-is-layout-9d6595d7 wp-block-columns-is-layout-flex\" style=\"background-color:#ffffff30\">\n<div class=\"wp-block-column is-layout-flow wp-block-column-is-layout-flow\">\n<ul class=\"wp-block-list\">\n<li class=\"has-medium-font-size\">Tutte le informazioni pi\u00f9 importanti sugli eventi nautici<\/li>\n\n\n\n<li class=\"has-medium-font-size\"><strong>Massima privacy, nessuno pu\u00f2 vedere il tuo numero!<\/strong><\/li>\n<\/ul>\n<\/div>\n\n\n\n<div class=\"wp-block-column is-layout-flow wp-block-column-is-layout-flow\" style=\"flex-basis:20%\"><div class=\"wp-block-image wp-duotone-unset-1\">\n<figure class=\"aligncenter size-full is-resized\"><a href=\"https:\/\/emiro.agesci.it\/nautici\/wp-content\/uploads\/2024\/11\/newspaper_1f4f0.png\"><img loading=\"lazy\" decoding=\"async\" width=\"160\" height=\"160\" src=\"https:\/\/emiro.agesci.it\/nautici\/wp-content\/uploads\/2024\/11\/newspaper_1f4f0.png\" alt=\"\" class=\"wp-image-176\" style=\"width:112px;height:auto\" srcset=\"https:\/\/emiro.agesci.it\/nautici\/wp-content\/uploads\/2024\/11\/newspaper_1f4f0.png 160w, https:\/\/emiro.agesci.it\/nautici\/wp-content\/uploads\/2024\/11\/newspaper_1f4f0-150x150.png 150w, https:\/\/emiro.agesci.it\/nautici\/wp-content\/uploads\/2024\/11\/newspaper_1f4f0-130x130.png 130w\" sizes=\"auto, (max-width: 160px) 100vw, 160px\" \/><\/a><\/figure>\n<\/div><\/div>\n\n\n\n<div class=\"wp-block-column is-vertically-aligned-top is-layout-flow wp-block-column-is-layout-flow\">\n<ul class=\"wp-block-social-links has-normal-icon-size has-visible-labels is-vertical is-content-justification-center is-layout-flex wp-container-core-social-links-is-layout-9a7cdcfd wp-block-social-links-is-layout-flex\"><li class=\"wp-social-link wp-social-link-whatsapp  wp-block-social-link\"><a rel=\"noopener nofollow\" target=\"_blank\" href=\"https:\/\/whatsapp.com\/channel\/0029VajztG3Jpe8l33KxWg3s\" class=\"wp-block-social-link-anchor\"><svg width=\"24\" height=\"24\" viewBox=\"0 0 24 24\" version=\"1.1\" xmlns=\"http:\/\/www.w3.org\/2000\/svg\" aria-hidden=\"true\" focusable=\"false\"><path d=\"M 12.011719 2 C 6.5057187 2 2.0234844 6.478375 2.0214844 11.984375 C 2.0204844 13.744375 2.4814687 15.462563 3.3554688 16.976562 L 2 22 L 7.2324219 20.763672 C 8.6914219 21.559672 10.333859 21.977516 12.005859 21.978516 L 12.009766 21.978516 C 17.514766 21.978516 21.995047 17.499141 21.998047 11.994141 C 22.000047 9.3251406 20.962172 6.8157344 19.076172 4.9277344 C 17.190172 3.0407344 14.683719 2.001 12.011719 2 z M 12.009766 4 C 14.145766 4.001 16.153109 4.8337969 17.662109 6.3417969 C 19.171109 7.8517969 20.000047 9.8581875 19.998047 11.992188 C 19.996047 16.396187 16.413812 19.978516 12.007812 19.978516 C 10.674812 19.977516 9.3544062 19.642812 8.1914062 19.007812 L 7.5175781 18.640625 L 6.7734375 18.816406 L 4.8046875 19.28125 L 5.2851562 17.496094 L 5.5019531 16.695312 L 5.0878906 15.976562 C 4.3898906 14.768562 4.0204844 13.387375 4.0214844 11.984375 C 4.0234844 7.582375 7.6067656 4 12.009766 4 z M 8.4765625 7.375 C 8.3095625 7.375 8.0395469 7.4375 7.8105469 7.6875 C 7.5815469 7.9365 6.9355469 8.5395781 6.9355469 9.7675781 C 6.9355469 10.995578 7.8300781 12.182609 7.9550781 12.349609 C 8.0790781 12.515609 9.68175 15.115234 12.21875 16.115234 C 14.32675 16.946234 14.754891 16.782234 15.212891 16.740234 C 15.670891 16.699234 16.690438 16.137687 16.898438 15.554688 C 17.106437 14.971687 17.106922 14.470187 17.044922 14.367188 C 16.982922 14.263188 16.816406 14.201172 16.566406 14.076172 C 16.317406 13.951172 15.090328 13.348625 14.861328 13.265625 C 14.632328 13.182625 14.464828 13.140625 14.298828 13.390625 C 14.132828 13.640625 13.655766 14.201187 13.509766 14.367188 C 13.363766 14.534188 13.21875 14.556641 12.96875 14.431641 C 12.71875 14.305641 11.914938 14.041406 10.960938 13.191406 C 10.218937 12.530406 9.7182656 11.714844 9.5722656 11.464844 C 9.4272656 11.215844 9.5585938 11.079078 9.6835938 10.955078 C 9.7955938 10.843078 9.9316406 10.663578 10.056641 10.517578 C 10.180641 10.371578 10.223641 10.267562 10.306641 10.101562 C 10.389641 9.9355625 10.347156 9.7890625 10.285156 9.6640625 C 10.223156 9.5390625 9.737625 8.3065 9.515625 7.8125 C 9.328625 7.3975 9.131125 7.3878594 8.953125 7.3808594 C 8.808125 7.3748594 8.6425625 7.375 8.4765625 7.375 z\"><\/path><\/svg><span class=\"wp-block-social-link-label\">Canale Whatsapp<\/span><\/a><\/li>\n\n<li class=\"wp-social-link wp-social-link-telegram  wp-block-social-link\"><a rel=\"noopener nofollow\" target=\"_blank\" href=\"https:\/\/t.me\/nautici_emiliaromagna_news\" class=\"wp-block-social-link-anchor\"><svg width=\"24\" height=\"24\" viewBox=\"0 0 128 128\" version=\"1.1\" xmlns=\"http:\/\/www.w3.org\/2000\/svg\" aria-hidden=\"true\" focusable=\"false\"><path d=\"M28.9700376,63.3244248 C47.6273373,55.1957357 60.0684594,49.8368063 66.2934036,47.2476366 C84.0668845,39.855031 87.7600616,38.5708563 90.1672227,38.528 C90.6966555,38.5191258 91.8804274,38.6503351 92.6472251,39.2725385 C93.294694,39.7979149 93.4728387,40.5076237 93.5580865,41.0057381 C93.6433345,41.5038525 93.7494885,42.63857 93.6651041,43.5252052 C92.7019529,53.6451182 88.5344133,78.2034783 86.4142057,89.5379542 C85.5170662,94.3339958 83.750571,95.9420841 82.0403991,96.0994568 C78.3237996,96.4414641 75.5015827,93.6432685 71.9018743,91.2836143 C66.2690414,87.5912212 63.0868492,85.2926952 57.6192095,81.6896017 C51.3004058,77.5256038 55.3966232,75.2369981 58.9976911,71.4967761 C59.9401076,70.5179421 76.3155302,55.6232293 76.6324771,54.2720454 C76.6721165,54.1030573 76.7089039,53.4731496 76.3346867,53.1405352 C75.9604695,52.8079208 75.4081573,52.921662 75.0095933,53.0121213 C74.444641,53.1403447 65.4461175,59.0880351 48.0140228,70.8551922 C45.4598218,72.6091037 43.1463059,73.4636682 41.0734751,73.4188859 C38.7883453,73.3695169 34.3926725,72.1268388 31.1249416,71.0646282 C27.1169366,69.7617838 23.931454,69.0729605 24.208838,66.8603276 C24.3533167,65.7078514 25.9403832,64.5292172 28.9700376,63.3244248 Z\" \/><\/svg><span class=\"wp-block-social-link-label\">Canale Telegram<\/span><\/a><\/li><\/ul>\n<\/div>\n<\/div>\n\n\n\n\n<h2 class=\"wp-block-heading has-text-align-center has-large-font-size is-layout-flex wp-container-core-columns-is-layout-9d6595d7 wp-block-columns-is-layout-flex\">Ultime notizie<\/h2>\n\n<div id=\"news\" class=\"wp-block-columns are-vertically-aligned-center has-background\" style=\"background-color:#ffffff30\">\n<style>\n#news a {\ncolor: #a1c6ff;\n}\n<\/style>\n<div class=\"wp-rss-template-container\" data-wpra-template=\"default\" data-template-ctx=\"eyJmZWVkcyI6IjIyMyJ9\">\n    <div class=\"wp-rss-aggregator wpra-list-template  \" data-page=\"1\">\n    \n    \n<ul class=\"wpra-item-list rss-aggregator wpra-item-list--bullets wpra-item-list--default\"\n    start=\"1\">\n                        <li class=\"wpra-item feed-item \">\n            \n            \n\n    <a  href=\"https:\/\/emiro.agesci.it\/2024\/09\/13\/esploratore-delle-acque-un-campo-di-competenza-tutto-da-navigare\/?utm_source=rss&amp;utm_medium=rss&amp;utm_campaign=esploratore-delle-acque-un-campo-di-competenza-tutto-da-navigare\" target=\"_blank\"  class=\"\">Esploratore delle Acque, un campo di competenza tutto da navigare!<\/a>\n\n\n\n\n\n\n<div class=\"wprss-feed-meta\">\n    \n            <span class=\"feed-date\">\n            Pubblicato il  13\/09\/2024\n        <\/span>\n    \n    <\/div>\n\n\n\n\n\n            \n        <\/li>\n                    <li class=\"wpra-item feed-item \">\n            \n            \n\n    <a  href=\"https:\/\/emiro.agesci.it\/2024\/09\/13\/esploratore-delle-acque-un-campo-di-competenza-tutto-da-navigare\/\" target=\"_blank\"  class=\"\">Esploratore delle Acque, un campo di competenza tutto da navigare!<\/a>\n\n\n\n\n\n\n<div class=\"wprss-feed-meta\">\n    \n            <span class=\"feed-date\">\n            Pubblicato il  13\/09\/2024\n        <\/span>\n    \n    <\/div>\n\n\n\n\n\n            \n        <\/li>\n                    <li class=\"wpra-item feed-item \">\n            \n            \n\n    <a  href=\"https:\/\/emiro.agesci.it\/2024\/06\/24\/capitani-coraggiosi-un-epppi-sulla-rotta-dellavventura\/?utm_source=rss&amp;utm_medium=rss&amp;utm_campaign=capitani-coraggiosi-un-epppi-sulla-rotta-dellavventura\" target=\"_blank\"  class=\"\">Capitani coraggiosi, un EPPPI sulla rotta dell\u2019avventura!<\/a>\n\n\n\n\n\n\n<div class=\"wprss-feed-meta\">\n    \n            <span class=\"feed-date\">\n            Pubblicato il  24\/06\/2024\n        <\/span>\n    \n    <\/div>\n\n\n\n\n\n            \n        <\/li>\n                    <li class=\"wpra-item feed-item \">\n            \n            \n\n    <a  href=\"https:\/\/emiro.agesci.it\/2024\/06\/24\/capitani-coraggiosi-un-epppi-sulla-rotta-dellavventura\/\" target=\"_blank\"  class=\"\">Capitani coraggiosi, un EPPPI sulla rotta dell\u2019avventura!<\/a>\n\n\n\n\n\n\n<div class=\"wprss-feed-meta\">\n    \n            <span class=\"feed-date\">\n            Pubblicato il  24\/06\/2024\n        <\/span>\n    \n    <\/div>\n\n\n\n\n\n            \n        <\/li>\n                    <li class=\"wpra-item feed-item \">\n            \n            \n\n    <a  href=\"https:\/\/emiro.agesci.it\/costruiscilatuacanoa\/?utm_source=rss&amp;utm_medium=rss&amp;utm_campaign=costruisci-la-tua-canoa-2024\" target=\"_blank\"  class=\"\">Costruisci la tua canoa 2024<\/a>\n\n\n\n\n\n\n<div class=\"wprss-feed-meta\">\n    \n            <span class=\"feed-date\">\n            Pubblicato il  10\/04\/2024\n        <\/span>\n    \n    <\/div>\n\n\n\n\n\n            \n        <\/li>\n                    <li class=\"wpra-item feed-item \">\n            \n            \n\n    <a  href=\"https:\/\/emiro.agesci.it\/costruiscilatuacanoa\/\" target=\"_blank\"  class=\"\">Costruisci la tua canoa 2024<\/a>\n\n\n\n\n\n\n<div class=\"wprss-feed-meta\">\n    \n            <span class=\"feed-date\">\n            Pubblicato il  10\/04\/2024\n        <\/span>\n    \n    <\/div>\n\n\n\n\n\n            \n        <\/li>\n                    <li class=\"wpra-item feed-item \">\n            \n            \n\n    <a  href=\"https:\/\/emiro.agesci.it\/2023\/07\/02\/lupi-di-mare-piccole-orme-2023\/?utm_source=rss&amp;utm_medium=rss&amp;utm_campaign=lupi-di-mare-piccole-orme-2023\" target=\"_blank\"  class=\"\">Lupi di mare, Piccole Orme 2023<\/a>\n\n\n\n\n\n\n<div class=\"wprss-feed-meta\">\n    \n            <span class=\"feed-date\">\n            Pubblicato il  02\/07\/2023\n        <\/span>\n    \n    <\/div>\n\n\n\n\n\n            \n        <\/li>\n                    <li class=\"wpra-item feed-item \">\n            \n            \n\n    <a  href=\"https:\/\/emiro.agesci.it\/2023\/07\/02\/lupi-di-mare-piccole-orme-2023\/\" target=\"_blank\"  class=\"\">Lupi di mare, Piccole Orme 2023<\/a>\n\n\n\n\n\n\n<div class=\"wprss-feed-meta\">\n    \n            <span class=\"feed-date\">\n            Pubblicato il  02\/07\/2023\n        <\/span>\n    \n    <\/div>\n\n\n\n\n\n            \n        <\/li>\n                    <li class=\"wpra-item feed-item \">\n            \n            \n\n    <a  href=\"https:\/\/emiro.agesci.it\/2023\/07\/01\/epppi-capitani-coraggiosi-2023\/?utm_source=rss&amp;utm_medium=rss&amp;utm_campaign=epppi-capitani-coraggiosi-2023\" target=\"_blank\"  class=\"\">EPPPI Capitani Coraggiosi 2023<\/a>\n\n\n\n\n\n\n<div class=\"wprss-feed-meta\">\n    \n            <span class=\"feed-date\">\n            Pubblicato il  01\/07\/2023\n        <\/span>\n    \n    <\/div>\n\n\n\n\n\n            \n        <\/li>\n                    <li class=\"wpra-item feed-item \">\n            \n            \n\n    <a  href=\"https:\/\/emiro.agesci.it\/2023\/07\/01\/epppi-capitani-coraggiosi-2023\/\" target=\"_blank\"  class=\"\">EPPPI Capitani Coraggiosi 2023<\/a>\n\n\n\n\n\n\n<div class=\"wprss-feed-meta\">\n    \n            <span class=\"feed-date\">\n            Pubblicato il  01\/07\/2023\n        <\/span>\n    \n    <\/div>\n\n\n\n\n\n            \n        <\/li>\n                    <li class=\"wpra-item feed-item \">\n            \n            \n\n    <a  href=\"https:\/\/emiro.agesci.it\/2023\/06\/26\/campetto-nautico-specialita-branca-eg-2023\/?utm_source=rss&amp;utm_medium=rss&amp;utm_campaign=campetto-nautico-specialita-branca-eg-2023\" target=\"_blank\"  class=\"\">Campetto nautico Branca E\/G 2023<\/a>\n\n\n\n\n\n\n<div class=\"wprss-feed-meta\">\n    \n            <span class=\"feed-date\">\n            Pubblicato il  26\/06\/2023\n        <\/span>\n    \n    <\/div>\n\n\n\n\n\n            \n        <\/li>\n                    <li class=\"wpra-item feed-item \">\n            \n            \n\n    <a  href=\"https:\/\/emiro.agesci.it\/2023\/06\/26\/campetto-nautico-specialita-branca-eg-2023\/\" target=\"_blank\"  class=\"\">Campetto nautico Branca E\/G 2023<\/a>\n\n\n\n\n\n\n<div class=\"wprss-feed-meta\">\n    \n            <span class=\"feed-date\">\n            Pubblicato il  26\/06\/2023\n        <\/span>\n    \n    <\/div>\n\n\n\n\n\n            \n        <\/li>\n                    <li class=\"wpra-item feed-item \">\n            \n            \n\n    <a  href=\"https:\/\/emiro.agesci.it\/2023\/06\/19\/costruisci-la-tua-canoa-attivita-evento-finale\/?utm_source=rss&amp;utm_medium=rss&amp;utm_campaign=costruisci-la-tua-canoa-attivita-evento-finale\" target=\"_blank\"  class=\"\">Costruisci la tua canoa, attivit\u00e0 ed evento finale  al lago dei Ciliegi<\/a>\n\n\n\n\n\n\n<div class=\"wprss-feed-meta\">\n    \n            <span class=\"feed-date\">\n            Pubblicato il  19\/06\/2023\n        <\/span>\n    \n    <\/div>\n\n\n\n\n\n            \n        <\/li>\n                    <li class=\"wpra-item feed-item \">\n            \n            \n\n    <a  href=\"https:\/\/emiro.agesci.it\/2023\/06\/19\/costruisci-la-tua-canoa-attivita-evento-finale\/\" target=\"_blank\"  class=\"\">Costruisci la tua canoa, attivit\u00e0 ed evento finale  al lago dei Ciliegi<\/a>\n\n\n\n\n\n\n<div class=\"wprss-feed-meta\">\n    \n            <span class=\"feed-date\">\n            Pubblicato il  19\/06\/2023\n        <\/span>\n    \n    <\/div>\n\n\n\n\n\n            \n        <\/li>\n                    <li class=\"wpra-item feed-item \">\n            \n            \n\n    <a  href=\"https:\/\/emiro.agesci.it\/2022\/09\/12\/route-vela-istria-clan-cesena-3\/?utm_source=rss&amp;utm_medium=rss&amp;utm_campaign=route-vela-istria-clan-cesena-3\" target=\"_blank\"  class=\"\">Route a vela in Istria, l\u2019esperienza del clan Malatesta Novello \u2013 Cesena 3<\/a>\n\n\n\n\n\n\n<div class=\"wprss-feed-meta\">\n    \n            <span class=\"feed-date\">\n            Pubblicato il  12\/09\/2022\n        <\/span>\n    \n    <\/div>\n\n\n\n\n\n            \n        <\/li>\n        <\/ul>\n\n        \n<\/div>\n\n<\/div>\n\n\n<\/div>\n\n\n\n<h2 class=\"wp-block-heading has-text-align-center has-large-font-size\">Centro Nautico<\/h2>\n\n\n\n<div class=\"wp-block-columns is-layout-flex wp-container-core-columns-is-layout-9d6595d7 wp-block-columns-is-layout-flex\">\n<div class=\"wp-block-column oggetti is-layout-flow wp-block-column-is-layout-flow\"><div class=\"wp-block-image foto\">\n<figure class=\"aligncenter size-large is-resized\"><a href=\"https:\/\/emiro.agesci.it\/nautici\/wp-content\/uploads\/2024\/11\/Riunione_Ott2024.png\"><img loading=\"lazy\" decoding=\"async\" width=\"1024\" height=\"683\" src=\"https:\/\/emiro.agesci.it\/nautici\/wp-content\/uploads\/2024\/11\/Riunione_Ott2024-1024x683.png\" alt=\"\" class=\"wp-image-129\" style=\"width:601px;height:auto\" srcset=\"https:\/\/emiro.agesci.it\/nautici\/wp-content\/uploads\/2024\/11\/Riunione_Ott2024-1024x683.png 1024w, https:\/\/emiro.agesci.it\/nautici\/wp-content\/uploads\/2024\/11\/Riunione_Ott2024-300x200.png 300w, https:\/\/emiro.agesci.it\/nautici\/wp-content\/uploads\/2024\/11\/Riunione_Ott2024-768x512.png 768w, https:\/\/emiro.agesci.it\/nautici\/wp-content\/uploads\/2024\/11\/Riunione_Ott2024-750x500.png 750w, https:\/\/emiro.agesci.it\/nautici\/wp-content\/uploads\/2024\/11\/Riunione_Ott2024.png 1344w\" sizes=\"auto, (max-width: 1024px) 100vw, 1024px\" \/><\/a><\/figure>\n<\/div>\n\n<div class=\"wp-block-image alto-sinistra is-style-rounded\">\n<figure class=\"aligncenter size-full is-resized\"><a href=\"https:\/\/emiro.agesci.it\/nautici\/wp-content\/uploads\/2024\/11\/centro-nautico.jpg\"><img loading=\"lazy\" decoding=\"async\" width=\"640\" height=\"640\" src=\"https:\/\/emiro.agesci.it\/nautici\/wp-content\/uploads\/2024\/11\/centro-nautico.jpg\" alt=\"\" class=\"wp-image-81\" style=\"width:171px;height:auto\" srcset=\"https:\/\/emiro.agesci.it\/nautici\/wp-content\/uploads\/2024\/11\/centro-nautico.jpg 640w, https:\/\/emiro.agesci.it\/nautici\/wp-content\/uploads\/2024\/11\/centro-nautico-300x300.jpg 300w, https:\/\/emiro.agesci.it\/nautici\/wp-content\/uploads\/2024\/11\/centro-nautico-150x150.jpg 150w, https:\/\/emiro.agesci.it\/nautici\/wp-content\/uploads\/2024\/11\/centro-nautico-130x130.jpg 130w\" sizes=\"auto, (max-width: 640px) 100vw, 640px\" \/><\/a><\/figure>\n<\/div>\n\n<div class=\"wp-block-image fazzolettone basso-destra\">\n<figure class=\"aligncenter size-full is-resized\"><a href=\"https:\/\/emiro.agesci.it\/nautici\/wp-content\/uploads\/2024\/11\/Nautico-1.png\"><img loading=\"lazy\" decoding=\"async\" width=\"547\" height=\"455\" src=\"https:\/\/emiro.agesci.it\/nautici\/wp-content\/uploads\/2024\/11\/Nautico-1.png\" alt=\"\" class=\"wp-image-156\" style=\"width:454px;height:auto\" srcset=\"https:\/\/emiro.agesci.it\/nautici\/wp-content\/uploads\/2024\/11\/Nautico-1.png 547w, https:\/\/emiro.agesci.it\/nautici\/wp-content\/uploads\/2024\/11\/Nautico-1-300x250.png 300w\" sizes=\"auto, (max-width: 547px) 100vw, 547px\" \/><\/a><\/figure>\n<\/div><\/div>\n<\/div>\n\n\n\n<p class=\"has-medium-font-size\">Il <strong>Centro Nautico<\/strong> \u00e8 la pattuglia creativa e operativa del Settore, ed \u00e8 composta da capi scout e tecnici accomunati dall&#8217;interesse o la passione per la nautica che mettono in comune le loro competenze allo scopo di far sperimentare l&#8217;acqua come ambiente educativo. La pattuglia \u00e8 a disposizione dei singoli capi e gruppi dell&#8217;Associazione per consulti in materia di scoutismo nautico.<\/p>\n\n\n\n<p class=\"has-medium-font-size\">Gli appartenenti indossano il Fazzolettone di Settore <strong>azzurro<\/strong> con il distintivo raffigurante lo stemma del Centro sul retro.<\/p>\n\n\n\n<p class=\"has-medium-font-size\">Il Centro Nautico \u00e8 presieduto dall&#8217;<em>Incaricato Regionale Nautico<\/em>. Dispone internamente di una pattuglia dedita alla comunicazione social e visiva.<\/p>\n\n\n\n<h2 class=\"wp-block-heading has-text-align-center has-large-font-size\">Asilo dei Capitani<\/h2>\n\n\n\n<p class=\"has-medium-font-size\">L&#8217;<strong>Asilo dei Capitani<\/strong> \u00e8 l&#8217;assemblea di tutti i capi scout facenti parte delle staff dei <strong>Reparti nautici<\/strong> o ad <strong>indirizzo nautico<\/strong> della Regione. (<em>vedi mappa qui sotto<\/em>)<\/p>\n\n\n\n<p class=\"has-medium-font-size\">La sua natura \u00e8 estremamente pratica in quanto portavoce delle necessit\u00e0 educative di Esploratori e Guide che vivono la nautica, in misura differente, all&#8217;interno delle loro attivit\u00e0.<\/p>\n\n\n\n<p class=\"has-medium-font-size\">L&#8217;Asilo dei Capitani \u00e8 presieduto dall&#8217;<em>Incaricato Regionale Nautico<\/em> e dal <em>Centro Nautico<\/em>.<\/p>\n\n\n<div class=\"wp-block-image\">\n<figure class=\"aligncenter size-large is-resized\"><a href=\"https:\/\/emiro.agesci.it\/nautici\/wp-content\/uploads\/2024\/11\/mappa_emiro_nautica.png\"><img loading=\"lazy\" decoding=\"async\" width=\"1024\" height=\"633\" src=\"https:\/\/emiro.agesci.it\/nautici\/wp-content\/uploads\/2024\/11\/mappa_emiro_nautica-1024x633.png\" alt=\"\" class=\"wp-image-120\" style=\"width:755px;height:auto\" srcset=\"https:\/\/emiro.agesci.it\/nautici\/wp-content\/uploads\/2024\/11\/mappa_emiro_nautica-1024x633.png 1024w, https:\/\/emiro.agesci.it\/nautici\/wp-content\/uploads\/2024\/11\/mappa_emiro_nautica-300x185.png 300w, https:\/\/emiro.agesci.it\/nautici\/wp-content\/uploads\/2024\/11\/mappa_emiro_nautica-768x475.png 768w, https:\/\/emiro.agesci.it\/nautici\/wp-content\/uploads\/2024\/11\/mappa_emiro_nautica.png 1176w\" sizes=\"auto, (max-width: 1024px) 100vw, 1024px\" \/><\/a><\/figure>\n<\/div>","protected":false},"excerpt":{"rendered":"<p>Settore Nautico Il settore nautico in Regione \u00e8 composto da: Scoprici sui social Rimani aggiornato con i nostri Canali Ultime notizie Centro Nautico Il Centro Nautico \u00e8 la pattuglia creativa e operativa del Settore, ed \u00e8 composta da capi scout e tecnici accomunati dall&#8217;interesse o la passione per la nautica che mettono in comune le [&hellip;]<\/p>\n","protected":false},"author":2,"featured_media":0,"parent":0,"menu_order":0,"comment_status":"closed","ping_status":"closed","template":"","meta":{"footnotes":""},"class_list":["post-12","page","type-page","status-publish","hentry"],"_links":{"self":[{"href":"https:\/\/emiro.agesci.it\/nautici\/wp-json\/wp\/v2\/pages\/12","targetHints":{"allow":["GET"]}}],"collection":[{"href":"https:\/\/emiro.agesci.it\/nautici\/wp-json\/wp\/v2\/pages"}],"about":[{"href":"https:\/\/emiro.agesci.it\/nautici\/wp-json\/wp\/v2\/types\/page"}],"author":[{"embeddable":true,"href":"https:\/\/emiro.agesci.it\/nautici\/wp-json\/wp\/v2\/users\/2"}],"replies":[{"embeddable":true,"href":"https:\/\/emiro.agesci.it\/nautici\/wp-json\/wp\/v2\/comments?post=12"}],"version-history":[{"count":81,"href":"https:\/\/emiro.agesci.it\/nautici\/wp-json\/wp\/v2\/pages\/12\/revisions"}],"predecessor-version":[{"id":263,"href":"https:\/\/emiro.agesci.it\/nautici\/wp-json\/wp\/v2\/pages\/12\/revisions\/263"}],"wp:attachment":[{"href":"https:\/\/emiro.agesci.it\/nautici\/wp-json\/wp\/v2\/media?parent=12"}],"curies":[{"name":"wp","href":"https:\/\/api.w.org\/{rel}","templated":true}]}}